{"id":3228,"date":"2025-05-30T18:37:15","date_gmt":"2025-05-30T17:37:15","guid":{"rendered":"https:\/\/includit.ipleiria.pt\/?page_id=3228"},"modified":"2025-10-01T12:38:46","modified_gmt":"2025-10-01T11:38:46","slug":"comissoes","status":"publish","type":"page","link":"https:\/\/includit.ipleiria.pt\/en\/comissoes\/","title":{"rendered":"Committees"},"content":{"rendered":"<p><\/p>\n<h1><span style=\"color: #2b3990\"><strong>Committees and organizations involved<\/strong><\/span><\/h1>\n<h2><span style=\"color: #2b3990\"><strong>Organization committee<\/strong><\/span><\/h2>\n<p><strong>Ana Rita Santos<\/strong> \u2013 Centro de Ensino e Recupera\u00e7\u00e3o do Entroncamento<\/p>\n<p><strong>Andreia Salvador <\/strong>\u2013 aTOPlab, ESSLei, Polit\u00e9cnico de Leiria<\/p>\n<p><strong>Carla Freire<\/strong> \u2013 LIDA, ESECS, Polit\u00e9cnico de Leiria<br \/>\n<strong>Catarina Mangas<\/strong> \u2013 CICS.NOVA, CI&amp;DEI, ESECS, Polit\u00e9cnico de Leiria<\/p>\n<p><strong>Daniela Rodrigues<\/strong> \u2013 Centro de Ensino e Recupera\u00e7\u00e3o do Entroncamento<\/p>\n<p><strong>Elisabete Rold\u00e3o<\/strong> \u2013 aTOPlab, ciTechCare, ESSLei, Polit\u00e9cnico de Leiria<br \/>\n<strong>Jaime Ribeiro<\/strong> \u2013 aTOPlab, ciTechCare, ESSLei, Polit\u00e9cnico de Leiria<br \/>\n<strong>Jenny Sousa <\/strong>\u2013 CICS.NOVA, CI&amp;DEI, ESECS, Polit\u00e9cnico de Leiria<br \/>\n<strong>Joana Sousa<\/strong> \u2013 ESEC, Polit\u00e9cnico de Coimbra<br \/>\n<strong>Lu\u00eds Vicente <\/strong>\u2013 aTOPlab, ciTechCare, ESSLei, Polit\u00e9cnico de Leiria<br \/>\n<strong>Nuno Fragata Marques<\/strong> \u2013 LIDA, ESAD.CR, Polit\u00e9cnico de Leiria<br \/>\n<strong>Sara M\u00f3nico Lopes<\/strong> \u2013 CI&amp;DEI, CICS.NOVA, ESECS, Polit\u00e9cnico de Leiria<\/p>\n<p><strong>S\u00edlvia Pinto<\/strong> \u2013 LIDA, ESAD.CR, Polit\u00e9cnico de Leiria<\/p>\n<h2><span style=\"color: #2b3990\"><strong>Scientific Committee<\/strong><\/span><\/h2>\n<p><strong>Ana Isabel Gonz\u00e1lez Contreras<\/strong> &#8211; Facultad formaci\u00f3n del profesorado. C\u00e1ceres. Extremadura<\/p>\n<p><strong>Ana Patr\u00edcia Oliveira<\/strong> &#8211; DigiMedia, DeCA, Universidade de Aveiro<\/p>\n<p><strong>Ant\u00f3nia Barreto<\/strong> &#8211; CEI-ISCTE e CIDEI<\/p>\n<p><strong>Adriana Brambilla<\/strong> &#8211; Universidade Federal da Para\u00edba e Grupo de Cultura e Estudos em Turismo-GCET<\/p>\n<p><strong>Ana Isabel Ventura Lopes<\/strong> &#8211; ESECD\/IPG<\/p>\n<p><strong>Carla Freire<\/strong> &#8211; LIDA, ESECS, Polit\u00e9cnico de Leiria<\/p>\n<p><strong>Carla Calado Lopes<\/strong> &#8211; Instituto de Telecomunica\u00e7\u00f5es e Polit\u00e9cnico de Leiria<\/p>\n<p><strong>Carlos Duarte &#8211; <\/strong>Universidade de Lisboa, LASIGE Computer Science and Engineering Research Centre<\/p>\n<p><strong>Catarina Mangas<\/strong> &#8211; CICS.NOVA, CI&amp;DEI, ESECS, Polit\u00e9cnico de Leiria<\/p>\n<p><strong>C\u00e9lia Sousa<\/strong> &#8211; ESECS\/CRID\u00ae\/CICS.NOVA.IPLeiria\/Polit\u00e9cnico de Leiria<\/p>\n<p><strong>Cezarina Santinho Maur\u00edcio<\/strong> &#8211; CIDEI, ESECS, Instituto Polit\u00e9cnico de Leiria<\/p>\n<p><strong>Cl\u00e1udia Martins &#8211; <\/strong>Instituto Polit\u00e9cnico de Bragan\u00e7a<\/p>\n<p><strong>Cristina Gil<\/strong> &#8211; Escola Superior de Educa\u00e7\u00e3o do Instituto Polit\u00e9cnico de Set\u00fabal &amp; Deaf Studies Lab &#8211; Centro de Estudos de Comunica\u00e7\u00e3o e Cultura (FCH-UCP)<\/p>\n<p><strong>Dulce Gomes &#8211;<\/strong> Escola Superior de Sa\u00fade do Instituto Polit\u00e9cnico de Leiria<\/p>\n<p><strong>Etelvina Lima &#8211;\u00a0<\/strong>Escola Superior de Sa\u00fade do Instituto Polit\u00e9cnico de Leiria<\/p>\n<p><strong>Fernanda Bazanella Nogueira<\/strong> &#8211; Universidade Aberta<\/p>\n<p><strong>Filipe T. Moreira<\/strong> &#8211; Escola Superior de Educa\u00e7\u00e3o do Polit\u00e9cnico do Porto<\/p>\n<p><strong>Filipe Santos<\/strong> &#8211; Escola Superior de Educa\u00e7\u00e3o e Ci\u00eancias Sociais, Instituto Polit\u00e9cnico de Leiria e CI&amp;DEI<\/p>\n<p><strong>Gra\u00e7a Seco<\/strong> &#8211; ESECS\/Instituto Polit\u00e9cnico de Leiria<\/p>\n<p><strong>Gustavo Roese Sanfelice<\/strong> &#8211; Universidade Feevale\/Brasil<\/p>\n<p><strong>Helena Isabel da Silva Reis<\/strong> &#8211; Polit\u00e9cnico de Leiria- ESSlei<\/p>\n<p><strong>Henrique Gil<\/strong> &#8211; Age.Comm &#8211; Instituto Polit\u00e9cnico de Castelo Branco<\/p>\n<p><strong>Hugo Alexandre Lopes Menino<\/strong> &#8211; Higher School of Education and Social Sciences of Leiria, Ci&amp;DEI , Polytechnic University of Leiria<\/p>\n<p><strong>Isabel Piscalho<\/strong> &#8211; Escola Superior de Educa\u00e7\u00e3o do Polit\u00e9cnico de Santar\u00e9m \/ P\u00f3lo de Literacia Digital e Inclus\u00e3o Social \u2013 CIAC<\/p>\n<p><strong>Isabel Rebelo<\/strong> &#8211; CI&amp;DEI, ESECS, Polit\u00e9cnico de Leiria<\/p>\n<p><strong>Jaime Ribeiro<\/strong> &#8211; aTOPlab, ciTechCare, ESSLei, Polit\u00e9cnico de Leiria<\/p>\n<p><strong>Jenny Sousa<\/strong> &#8211; CICS.NOVA, CI&amp;DEI, ESECS, Polit\u00e9cnico de Leiria<\/p>\n<p><strong>Joana Sousa<\/strong> &#8211; ESEC, Polit\u00e9cnico de Coimbra<\/p>\n<p><strong>Jos\u00e9lia Neves <\/strong>&#8211; Universidade Aberta<\/p>\n<p><strong>Jos\u00e9 Amoroso<\/strong> &#8211; CIEQV, ESECS, Instituto Polit\u00e9cnico de Leiria<\/p>\n<p><strong>Jos\u00e9 Duque Vicente<\/strong> &#8211; ESECS, Instituto Polit\u00e9cnico de Leiria<\/p>\n<p><strong>Lu\u00eds Filipe Barbeiro<\/strong> &#8211; Escola Superior de Educa\u00e7\u00e3o e Ci\u00eancias Sociais \u2013 Instituto Polit\u00e9cnico de Leiria<\/p>\n<p><strong>Luisa Pimentel<\/strong> &#8211; ESECS-IPLeiria; CICS.Nova.IPLeiria; CIES.IUL<\/p>\n<p><strong>Manuela Francisco<\/strong> &#8211; LE@D \u2013 Laborat\u00f3rio de Educa\u00e7\u00e3o a Dist\u00e2ncia e eLearning, Universidade Aberta<\/p>\n<p><strong>Maria Helena Mesquita<\/strong> &#8211; Instituto Polit\u00e9cnico de Castelo Branco \/CICS.NOVA. IPLeiria &#8211; Centro Interdisciplinar de Ci\u00eancias Sociais<\/p>\n<p><strong>Mar\u00eda-Victoria Mart\u00edn-Cilleros<\/strong> &#8211; Universidad de Salamanca, Componente del Instituto Universitario de Integraci\u00f3n en la Comunidad (INICO)<\/p>\n<p><strong>Maria Jo\u00e3o Sousa Pinto dos Santos<\/strong> &#8211; ESECS, Polit\u00e9cnico de Leiria, CI&amp;DEI e CIEC<\/p>\n<p><strong>Marisa Maia Machado<\/strong> &#8211; Centro de Investiga\u00e7\u00e3o em Did\u00e1tica e Tecnologia na Forma\u00e7\u00e3o de Formadores (CIDTFF), Universidade de Aveiro<\/p>\n<p><strong>Martha Liliana Arciniegas Sig\u00fcenza<\/strong> &#8211; Universidad Nacional de Educaci\u00f3n (UNAE), Universidad del Azuay (UDA)<\/p>\n<p><strong>M\u00f4nica Bra\u00fana Le\u00e3o Costa<\/strong> &#8211; Escola Superior de Sa\u00fade, Polit\u00e9cnico de Leiria<\/p>\n<p><strong>Neuza Alexandra Marcelino Santana<\/strong> &#8211; Escola Superior de Educa\u00e7\u00e3o do Polit\u00e9cnico de Coimbra<\/p>\n<p><strong>Nuno Fragata<\/strong> &#8211; LIDA, ESAD.CR, Polit\u00e9cnico de Leiria<\/p>\n<p><strong>Nuno Morais<\/strong> &#8211; Escola Superior de Sa\u00fade do Instituto Polit\u00e9cnico de Leiria, ciTechCare<\/p>\n<p><strong>Paula Cristina Ferreira<\/strong> &#8211; ESECS-IPLeiria; CI&amp;DEI; CELGA-ILTEC, Universidade de Coimbra<\/p>\n<p><strong>Pedro Encarna\u00e7\u00e3o<\/strong> &#8211; Universidade Cat\u00f3lica Portuguesa<\/p>\n<p><strong>Ra\u00fal de Sousa Nogueira Antunes<\/strong> &#8211; ESECS \u2013 IP Leiria; Centro de Investiga\u00e7\u00e3o em Desporto, Sa\u00fade e Desenvolvimento Humano (CIDESD)<\/p>\n<p><strong>Renato Bispo<\/strong> &#8211; LiDA &#8211; Laborat\u00f3rio de Investiga\u00e7\u00e3o em Design e Artes, ESAD.CR, Instituto Polit\u00e9cnico de Leiria<\/p>\n<p><strong>Rita Cadima<\/strong> &#8211; Polit\u00e9cnico de Leiria<\/p>\n<p><strong>Rita Oliveira<\/strong> &#8211; DigiMedia, DeCA, Universidade de Aveiro<\/p>\n<p><strong>Rosemari Lorenz Martins<\/strong> &#8211; Universidade Feevale<\/p>\n<p><strong>Rui Teles<\/strong> &#8211; N\u00facleo de Apoio \u00e0 Inclus\u00e3o Digital (NAID), Escola Superior de Educa\u00e7\u00e3o do Polit\u00e9cnico do Porto<\/p>\n<p><strong>Samuel Hon\u00f3rio<\/strong> &#8211; Instituto Polit\u00e9cnico de Castelo Branco \u2013 SPRINT<\/p>\n<p><strong>Sandrina Milhano<\/strong> &#8211; Centro de Estudos em Educa\u00e7\u00e3o e Inova\u00e7\u00e3o (Ci&amp;DEI, Leiria), Escola Superior de Educa\u00e7\u00e3o e Ci\u00eancias Sociais, Instituto Polit\u00e9cnico de Leiria<\/p>\n<p><strong>Sara M\u00f3nico Lopes<\/strong> &#8211; CI&amp;DEI, CICS.NOVA, ESECS, Polit\u00e9cnico de Leiria<\/p>\n<p><strong>S\u00edlvia Pinto<\/strong> &#8211; LIDA, ESAD.CR, Polit\u00e9cnico de Leiria<\/p>\n<p><strong>Susana Cust\u00f3dio<\/strong> &#8211; Escola Superior de Sa\u00fade do Instituto Polit\u00e9cnico de Leiria, ciTechCare, aTOPlab<\/p>\n<p><strong>Susana Monteiro<\/strong> &#8211; JP-IPleiria, CI&amp;DEI, ESECS, Polit\u00e9cnico de Leiria<\/p>\n<p><strong>Susana Nunes<\/strong> &#8211; Instituto Polit\u00e9cnico de Leiria (ESECS) &amp; Universidade de Coimbra (CELGA-ILTEC)<\/p>\n<p><strong>Teresa Isabel Costa de Oliveira Martins Matos<\/strong> &#8211; Escola Superior de Educa\u00e7\u00e3o e Ci\u00eancias Sociais do Instituto Polit\u00e9cnico de Portalegre<\/p>\n<p><strong>V\u00edtor Sim\u00f5es-Silva &#8211;<\/strong> Escola Superior de Sa\u00fade do Polit\u00e9cnico do Porto<\/p>\n<p><strong>William Cant\u00fa<\/strong> &#8211; ESECS Polit\u00e9cnico de Leiria, CEAUL\/ULICES Centro de Estudos Angl\u00edsticos da Universidade de Lisboa<\/p>\n<h2><span style=\"color: #2b3990\"><strong>Organizations involved<\/strong><\/span><\/h2>\n<h3><span style=\"color: #2b3990\"><strong>Research Centers<\/strong><\/span><\/h3>\n<p>Center for Innovative Care and Health Technology (ciTechCare)<\/p>\n<p>Center for Studies in Education and Inovation (CI&amp;DEI)<\/p>\n<p>Interdisciplinary Centre of Social Sciences (CICS.NOVA.IPLeiria)<\/p>\n<p>Research Laboratory in Design and Arts (LIDA)<\/p>\n<h3><span style=\"color: #2b3990\"><strong>Labs and Organic Units of Polit\u00e9cnico de Leiria<\/strong><\/span><\/h3>\n<p>Assistive Technology and Occupational Performance Laboratory (aTOPlab)<\/p>\n<p>School of Arts and Design (ESAD.CR), Polit\u00e9cnico de Leiria<\/p>\n<p>School of Education and Social Sciences (ESECS), Polit\u00e9cnico de Leiria<\/p>\n<p>School of Health Sciences (ESSLei), Polit\u00e9cnico de Leiria<\/p>\n<h3><span style=\"color: #2b3990\"><strong>External Entities<\/strong><\/span><\/h3>\n<p>C\u00e2mara Municipal do Entroncamento<\/p>\n<p>Centro de Ensino e Recupera\u00e7\u00e3o do Entroncamento (CERE)<\/p>\n<p><a href=\"http:\/\/includit.ipleiria.pt\/files\/2025\/06\/Logos_UO_UI.png\"><img loading=\"lazy\" decoding=\"async\" class=\"aligncenter size-full wp-image-3311\" src=\"http:\/\/includit.ipleiria.pt\/files\/2025\/06\/Logos_UO_UI.png\" alt=\"Banner com log\u00f3tipos das entidades de organiza\u00e7\u00e3o da INCLUDiT e da CITecA. Num fundo branco encontram-se 3 linhas de log\u00f3tipos. Na primeira linha, CiTechCare, CICS.Nova, CIDEI, LiDA, FCT; Na segunda linha, Polit\u00e9cnico de Leiria, Escola Superior de Educa\u00e7\u00e3o e Ci\u00eancias Sociais, Escola Superior de Sa\u00fade, Escola Superior de Artes e Design, aTOPlab; na terceira linha, C\u00e2mara Municipal do Entroncamento, CERE.\" width=\"1289\" height=\"332\" srcset=\"https:\/\/includit.ipleiria.pt\/files\/2025\/06\/Logos_UO_UI.png 1289w, https:\/\/includit.ipleiria.pt\/files\/2025\/06\/Logos_UO_UI-300x77.png 300w, https:\/\/includit.ipleiria.pt\/files\/2025\/06\/Logos_UO_UI-1024x264.png 1024w, https:\/\/includit.ipleiria.pt\/files\/2025\/06\/Logos_UO_UI-768x198.png 768w\" sizes=\"auto, (max-width: 1289px) 100vw, 1289px\" \/><\/a><\/p>","protected":false},"excerpt":{"rendered":"<p>Committees and organizations involved Organization committee Ana Rita Santos \u2013 Centro de Ensino e Recupera\u00e7\u00e3o do Entroncamento Andreia Salvador \u2013 aTOPlab, ESSLei, Polit\u00e9cnico de Leiria Carla Freire \u2013 LIDA, ESECS,<\/p>\n<div class=\"more-link-container\"> [&hellip;]<\/div>\n<p> <span class=\"more-text\">[+]<\/span><\/p>\n","protected":false},"author":75,"featured_media":0,"parent":0,"menu_order":0,"comment_status":"closed","ping_status":"closed","template":"","meta":{"_monsterinsights_skip_tracking":false,"_monsterinsights_sitenote_active":false,"_monsterinsights_sitenote_note":"","_monsterinsights_sitenote_category":0,"footnotes":""},"class_list":["post-3228","page","type-page","status-publish","hentry"],"_links":{"self":[{"href":"https:\/\/includit.ipleiria.pt\/en\/wp-json\/wp\/v2\/pages\/3228","targetHints":{"allow":["GET"]}}],"collection":[{"href":"https:\/\/includit.ipleiria.pt\/en\/wp-json\/wp\/v2\/pages"}],"about":[{"href":"https:\/\/includit.ipleiria.pt\/en\/wp-json\/wp\/v2\/types\/page"}],"author":[{"embeddable":true,"href":"https:\/\/includit.ipleiria.pt\/en\/wp-json\/wp\/v2\/users\/75"}],"replies":[{"embeddable":true,"href":"https:\/\/includit.ipleiria.pt\/en\/wp-json\/wp\/v2\/comments?post=3228"}],"version-history":[{"count":24,"href":"https:\/\/includit.ipleiria.pt\/en\/wp-json\/wp\/v2\/pages\/3228\/revisions"}],"predecessor-version":[{"id":3414,"href":"https:\/\/includit.ipleiria.pt\/en\/wp-json\/wp\/v2\/pages\/3228\/revisions\/3414"}],"wp:attachment":[{"href":"https:\/\/includit.ipleiria.pt\/en\/wp-json\/wp\/v2\/media?parent=3228"}],"curies":[{"name":"wp","href":"https:\/\/api.w.org\/{rel}","templated":true}]}}